{"id":496,"date":"2025-03-11T14:54:06","date_gmt":"2025-03-11T13:54:06","guid":{"rendered":"https:\/\/isabelle-psy.fr\/?page_id=496"},"modified":"2025-12-12T10:54:16","modified_gmt":"2025-12-12T09:54:16","slug":"formations","status":"publish","type":"page","link":"https:\/\/isabelle-psy.fr\/index.php\/formations\/","title":{"rendered":"Prestations de formation"},"content":{"rendered":"\n<p class=\"has-custom-18344-c-color has-text-color has-link-color has-small-font-size wp-elements-67bdf5bf7b4bc2548274c0507b88fd44\">NDA : 27250397125<\/p>\n\n\n\n<figure class=\"wp-block-image aligncenter size-large is-resized\"><img alt=\"\" loading=\"lazy\" decoding=\"async\" width=\"1024\" height=\"682\" src=\"https:\/\/isabelle-psy.fr\/wp-content\/uploads\/2025\/01\/doctor-counseling-people-group-therapy-b-1024x682.png\" alt=\"\" class=\"wp-image-450\" style=\"width:400px\" srcset=\"https:\/\/isabelle-psy.fr\/wp-content\/uploads\/2025\/01\/doctor-counseling-people-group-therapy-b-1024x682.png 1024w, https:\/\/isabelle-psy.fr\/wp-content\/uploads\/2025\/01\/doctor-counseling-people-group-therapy-b-300x200.png 300w, https:\/\/isabelle-psy.fr\/wp-content\/uploads\/2025\/01\/doctor-counseling-people-group-therapy-b-768x512.png 768w, https:\/\/isabelle-psy.fr\/wp-content\/uploads\/2025\/01\/doctor-counseling-people-group-therapy-b-1536x1024.png 1536w, https:\/\/isabelle-psy.fr\/wp-content\/uploads\/2025\/01\/doctor-counseling-people-group-therapy-b.png 2000w\" sizes=\"auto, (max-width: 1024px) 100vw, 1024px\" \/><\/figure>\n\n\n\n<p>Proposant d\u00e9j\u00e0 plusieurs formations en interne gr\u00e2ce \u00e0 mon poste en SSIAD \u00e0 Neuilly sur Seine, mais \u00e9galement en externe avec le CRT (Centre de Ressources Territorial) co-port\u00e9 par l&rsquo;ANSIAD, sur les th\u00e9matiques suivantes:<\/p>\n\n\n\n<div style=\"height:10px\" aria-hidden=\"true\" class=\"wp-block-spacer\"><\/div>\n\n\n\n<ul class=\"wp-block-list\">\n<li>Repenser la bientraitance dans mon travail (3 jours)<\/li>\n\n\n\n<li>Les troubles psycho-comportementaux rencontr\u00e9s dans les maladies neuro-\u00e9volutives (2 jours)<\/li>\n<\/ul>\n\n\n\n<div style=\"height:20px\" aria-hidden=\"true\" class=\"wp-block-spacer\"><\/div>\n\n\n\n<p>Je peux vous proposer des temps de formations pour vos institutions sur les th\u00e9matiques d\u00e9j\u00e0 mentionn\u00e9es mais aussi \u00e0 propos de :<\/p>\n\n\n\n<div style=\"height:10px\" aria-hidden=\"true\" class=\"wp-block-spacer\"><\/div>\n\n\n\n<ul class=\"wp-block-list\">\n<li>La pr\u00e9paration \u00e0 la retraite (1\/2 journ\u00e9e)<\/li>\n\n\n\n<li>Les comp\u00e9tences douces et leurs apports en tant que professionnel.le.s de sant\u00e9 (1 jour)<\/li>\n<\/ul>\n\n\n\n<div style=\"height:25px\" aria-hidden=\"true\" class=\"wp-block-spacer\"><\/div>\n\n\n\n<p class=\"has-large-font-size\">\u00c0 venir :<\/p>\n\n\n\n<ul class=\"wp-block-list\">\n<li>Cycle de Groupe d&rsquo;Analyse des Pratiques professionnelles (GAP)<\/li>\n<\/ul>\n\n\n\n<p>N&rsquo;h\u00e9sitez pas \u00e0 me joindre pour plus de renseignements sur les diff\u00e9rentes formations au <\/p>\n\n\n\n<p class=\"has-text-align-center has-large-font-size\">06 08 73 53 91<\/p>\n\n\n\n<div style=\"height:100px\" aria-hidden=\"true\" class=\"wp-block-spacer\"><\/div>\n","protected":false},"excerpt":{"rendered":"<p>NDA : 27250397125 Proposant d\u00e9j\u00e0 plusieurs formations en interne gr\u00e2ce \u00e0 mon poste en SSIAD \u00e0 Neuilly sur Seine, mais \u00e9galement en externe avec le CRT (Centre de Ressources Territorial) co-port\u00e9 par l&rsquo;ANSIAD, sur les th\u00e9matiques suivantes: Je peux vous proposer des temps de formations pour vos institutions sur les th\u00e9matiques d\u00e9j\u00e0 mentionn\u00e9es mais aussi [&hellip;]<\/p>\n","protected":false},"author":1,"featured_media":0,"parent":0,"menu_order":0,"comment_status":"closed","ping_status":"closed","template":"","meta":{"_seopress_robots_primary_cat":"","_seopress_titles_title":"","_seopress_titles_desc":"","_seopress_robots_index":"","footnotes":""},"class_list":["post-496","page","type-page","status-publish","hentry"],"_links":{"self":[{"href":"https:\/\/isabelle-psy.fr\/index.php\/wp-json\/wp\/v2\/pages\/496","targetHints":{"allow":["GET"]}}],"collection":[{"href":"https:\/\/isabelle-psy.fr\/index.php\/wp-json\/wp\/v2\/pages"}],"about":[{"href":"https:\/\/isabelle-psy.fr\/index.php\/wp-json\/wp\/v2\/types\/page"}],"author":[{"embeddable":true,"href":"https:\/\/isabelle-psy.fr\/index.php\/wp-json\/wp\/v2\/users\/1"}],"replies":[{"embeddable":true,"href":"https:\/\/isabelle-psy.fr\/index.php\/wp-json\/wp\/v2\/comments?post=496"}],"version-history":[{"count":15,"href":"https:\/\/isabelle-psy.fr\/index.php\/wp-json\/wp\/v2\/pages\/496\/revisions"}],"predecessor-version":[{"id":562,"href":"https:\/\/isabelle-psy.fr\/index.php\/wp-json\/wp\/v2\/pages\/496\/revisions\/562"}],"wp:attachment":[{"href":"https:\/\/isabelle-psy.fr\/index.php\/wp-json\/wp\/v2\/media?parent=496"}],"curies":[{"name":"wp","href":"https:\/\/api.w.org\/{rel}","templated":true}]}}